{"id":473,"date":"2018-05-16T11:26:50","date_gmt":"2018-05-16T09:26:50","guid":{"rendered":"https:\/\/www.poncetgroupe.com\/Creations-by-YGP\/?page_id=473"},"modified":"2025-12-15T14:40:14","modified_gmt":"2025-12-15T13:40:14","slug":"fabrique-nuages","status":"publish","type":"page","link":"https:\/\/www.poncetgroupe.com\/Creations-by-YGP\/fabrique-nuages\/","title":{"rendered":"La Fabrique des Nuages"},"content":{"rendered":"<p>[et_pb_section fb_built=\u00a0\u00bb1&Prime; _builder_version=\u00a0\u00bb4.19.2&Prime; background_image=\u00a0\u00bbhttps:\/\/www.poncetgroupe.com\/Creations-by-YGP\/wp-content\/uploads\/e7eaedd2-049a-4420-95ef-dc101bd95f0f.jpg\u00a0\u00bb global_colors_info=\u00a0\u00bb{}\u00a0\u00bb][et_pb_row _builder_version=\u00a0\u00bb4.16&Prime; global_colors_info=\u00a0\u00bb{}\u00a0\u00bb][et_pb_column type=\u00a0\u00bb4_4&Prime; _builder_version=\u00a0\u00bb4.16&Prime; custom_padding=\u00a0\u00bb|||\u00a0\u00bb global_colors_info=\u00a0\u00bb{}\u00a0\u00bb custom_padding__hover=\u00a0\u00bb|||\u00a0\u00bb][et_pb_text _builder_version=\u00a0\u00bb4.16&Prime; header_font=\u00a0\u00bb||||||||\u00a0\u00bb header_text_align=\u00a0\u00bbcenter\u00a0\u00bb header_text_color=\u00a0\u00bb#ffffff\u00a0\u00bb header_4_font=\u00a0\u00bb|300|||||||\u00a0\u00bb header_4_text_align=\u00a0\u00bbcenter\u00a0\u00bb header_4_text_color=\u00a0\u00bb#ffffff\u00a0\u00bb text_orientation=\u00a0\u00bbcenter\u00a0\u00bb background_layout=\u00a0\u00bbdark\u00a0\u00bb header_font_size_tablet=\u00a0\u00bb\u00a0\u00bb header_font_size_phone=\u00a0\u00bb30px\u00a0\u00bb header_font_size_last_edited=\u00a0\u00bbon|phone\u00a0\u00bb global_colors_info=\u00a0\u00bb{}\u00a0\u00bb]<\/p>\n<h1>La Fabrique de Nuages<\/h1>\n<h4>Un spectacle pour enfants, ou plut\u00f4t<br \/> pour les adultes qu&rsquo;ils deviendront.<\/h4>\n<p>[\/et_pb_text][et_pb_video src=\u00a0\u00bbhttps:\/\/youtu.be\/gF07lmvYK2g\u00a0\u00bb _builder_version=\u00a0\u00bb4.19.2&Prime; max_width=\u00a0\u00bb80%\u00a0\u00bb module_alignment=\u00a0\u00bbcenter\u00a0\u00bb hover_enabled=\u00a0\u00bb0&Prime; global_colors_info=\u00a0\u00bb{}\u00a0\u00bb sticky_enabled=\u00a0\u00bb0&Prime;][\/et_pb_video][\/et_pb_column][\/et_pb_row][\/et_pb_section][et_pb_section fb_built=\u00a0\u00bb1&Prime; _builder_version=\u00a0\u00bb4.19.2&Prime; background_image=\u00a0\u00bbhttps:\/\/www.poncetgroupe.com\/Creations-by-YGP\/wp-content\/uploads\/f199df49-d5bf-45b1-b2d1-aa29a68addc0-1.jpg\u00a0\u00bb background_position=\u00a0\u00bbtop_center\u00a0\u00bb custom_padding=\u00a0\u00bb100px||100px|\u00a0\u00bb global_colors_info=\u00a0\u00bb{}\u00a0\u00bb][et_pb_row _builder_version=\u00a0\u00bb4.19.2&Prime; background_size=\u00a0\u00bbinitial\u00a0\u00bb background_position=\u00a0\u00bbtop_left\u00a0\u00bb background_repeat=\u00a0\u00bbrepeat\u00a0\u00bb global_colors_info=\u00a0\u00bb{}\u00a0\u00bb][et_pb_column type=\u00a0\u00bb4_4&Prime; _builder_version=\u00a0\u00bb4.16&Prime; custom_padding=\u00a0\u00bb|||\u00a0\u00bb global_colors_info=\u00a0\u00bb{}\u00a0\u00bb custom_padding__hover=\u00a0\u00bb|||\u00a0\u00bb][et_pb_text _builder_version=\u00a0\u00bb4.16&Prime; header_2_font=\u00a0\u00bb|||on|||||\u00a0\u00bb header_2_text_align=\u00a0\u00bbcenter\u00a0\u00bb header_2_text_color=\u00a0\u00bb#ffffff\u00a0\u00bb header_2_font_size=\u00a0\u00bb22px\u00a0\u00bb text_orientation=\u00a0\u00bbcenter\u00a0\u00bb background_layout=\u00a0\u00bbdark\u00a0\u00bb global_colors_info=\u00a0\u00bb{}\u00a0\u00bb]<\/p>\n<h2>Sensibilisation \u2013 Enthousiasme \u2013 \u00c9cologie<\/h2>\n<p><b>\u00c9criture et composition :<\/b> Yann-Ga\u00ebl Poncet et Nicolas Allemand.<br \/><b>Musiciens\u00a0: <\/b>Yann-Ga\u00ebl Poncet (voix, violon, guitare\u2026) et Florian Gourgeot (voix, claviers, percussions\u2026).<\/p>\n<p>[\/et_pb_text][\/et_pb_column][\/et_pb_row][\/et_pb_section][et_pb_section fb_built=\u00a0\u00bb1&Prime; _builder_version=\u00a0\u00bb4.16&Prime; global_colors_info=\u00a0\u00bb{}\u00a0\u00bb][et_pb_row column_structure=\u00a0\u00bb1_2,1_2&Prime; make_equal=\u00a0\u00bbon\u00a0\u00bb _builder_version=\u00a0\u00bb4.16&Prime; module_alignment=\u00a0\u00bbcenter\u00a0\u00bb global_colors_info=\u00a0\u00bb{}\u00a0\u00bb][et_pb_column type=\u00a0\u00bb1_2&Prime; _builder_version=\u00a0\u00bb4.16&Prime; background_image=\u00a0\u00bbhttps:\/\/www.poncetgroupe.com\/Creations-by-YGP\/wp-content\/uploads\/YGP-Fabrique-des-nuages-4.jpg\u00a0\u00bb custom_padding=\u00a0\u00bb230px|50px||50px\u00a0\u00bb global_colors_info=\u00a0\u00bb{}\u00a0\u00bb custom_padding__hover=\u00a0\u00bb|||\u00a0\u00bb][et_pb_text _builder_version=\u00a0\u00bb4.16&Prime; header_4_font=\u00a0\u00bbGeorgia||on||||||\u00a0\u00bb header_4_text_align=\u00a0\u00bbleft\u00a0\u00bb header_4_font_size=\u00a0\u00bb22px\u00a0\u00bb text_orientation=\u00a0\u00bbright\u00a0\u00bb background_layout=\u00a0\u00bbdark\u00a0\u00bb global_colors_info=\u00a0\u00bb{}\u00a0\u00bb]<\/p>\n<h4><span style=\"color: #bc5d4a;\">\u2018\u2018<\/span>\u00a0Le meilleur spectacle pour enfants que j\u2019ai vu en trente ans d\u2019enseignement ! <span style=\"color: #bc5d4a;\">\u2019\u2019<\/span><\/h4>\n<p><span style=\"color: #bc5d4a;\"><strong>Jocelyne<br \/>\n<\/strong><\/span>Professeur des \u00c9coles \u00e0 Poitiers<br \/>\n[\/et_pb_text][\/et_pb_column][et_pb_column type=\u00a0\u00bb1_2&Prime; _builder_version=\u00a0\u00bb4.16&Prime; custom_padding=\u00a0\u00bb|||\u00a0\u00bb global_colors_info=\u00a0\u00bb{}\u00a0\u00bb custom_padding__hover=\u00a0\u00bb|||\u00a0\u00bb][et_pb_text _builder_version=\u00a0\u00bb4.19.2&Prime; header_3_font=\u00a0\u00bb|300|||||||\u00a0\u00bb header_3_text_align=\u00a0\u00bbjustify\u00a0\u00bb header_3_font_size=\u00a0\u00bb25px\u00a0\u00bb text_orientation=\u00a0\u00bbjustified\u00a0\u00bb global_colors_info=\u00a0\u00bb{}\u00a0\u00bb]<\/p>\n<h3>400 dates dans toute la France et d\u00e9j\u00e0 plus de 150 000 spectateurs !<\/h3>\n<p><b>Un spectacle pour enfants jou\u00e9 par deux musiciens issus du Jazz et de la Musique classique.<\/b><\/p>\n<p>Nous pourrions vous raconter que la Fabrique de Nuages est un spectacle de sensibilisation \u00e0 la question \u00e9cologique pour les enfants.<\/p>\n<p>Qu\u2019il a \u00e9t\u00e9 \u00e9labor\u00e9 en collaboration avec des p\u00e9dagogues professionnels, et qu\u2019il fonctionne tr\u00e8s bien dans une tranche d\u2019\u00e2ge d\u2019enfants allant de 5 \u00e0 11 ans, et plus largement, convient \u00e0 la famille toute enti\u00e8re.<\/p>\n<p>Qu\u2019il a \u00e9t\u00e9 r\u00e9alis\u00e9 par des com\u00e9diens\/musiciens soucieux de faire d\u00e9couvrir diff\u00e9rents styles musicaux aux enfants.<\/p>\n<p>Qu\u2019il pr\u00e9sente une dizaine d\u2019instruments et qu\u2019il raconte en chansons, de fa\u00e7on rigolote, le voyage de deux enfants qui rejoignent la vall\u00e9e afin de comprendre pourquoi leur village de montagne est depuis quelques temps plong\u00e9 dans l\u2019obscurit\u00e9, parce qu\u2019un gros nuage noir s&rsquo;est embroch\u00e9 sur leurs maisonnettes !<\/p>\n<p>Nous pourrions vous raconter que nos deux compagnons se lancent dans un voyage qui s&rsquo;av\u00e8re plein de rencontres et de surprises pour d\u00e9couvrir enfin la ville et sa fabrique de nuages noirs.<\/p>\n<p>Que l\u2019on rit beaucoup et que l\u2019on finit dans des transports de joies incontr\u00f4lables !<\/p>\n<p>[\/et_pb_text][\/et_pb_column][\/et_pb_row][\/et_pb_section][et_pb_section fb_built=\u00a0\u00bb1&Prime; _builder_version=\u00a0\u00bb4.16&Prime; background_color=\u00a0\u00bb#002d48&Prime; custom_margin=\u00a0\u00bb0px|||\u00a0\u00bb custom_padding=\u00a0\u00bb0px||40px|\u00a0\u00bb global_colors_info=\u00a0\u00bb{}\u00a0\u00bb][et_pb_row column_structure=\u00a0\u00bb1_3,1_3,1_3&Prime; use_custom_gutter=\u00a0\u00bbon\u00a0\u00bb make_equal=\u00a0\u00bbon\u00a0\u00bb _builder_version=\u00a0\u00bb4.16&Prime; module_alignment=\u00a0\u00bbcenter\u00a0\u00bb custom_padding=\u00a0\u00bb40px|0px|0|0px\u00a0\u00bb global_colors_info=\u00a0\u00bb{}\u00a0\u00bb][et_pb_column type=\u00a0\u00bb1_3&Prime; _builder_version=\u00a0\u00bb4.16&Prime; custom_padding=\u00a0\u00bb|||\u00a0\u00bb custom_css_main_element=\u00a0\u00bbdisplay: flex; align-items: center;\u00a0\u00bb global_colors_info=\u00a0\u00bb{}\u00a0\u00bb custom_padding__hover=\u00a0\u00bb|||\u00a0\u00bb][et_pb_text _builder_version=\u00a0\u00bb4.16&Prime; text_text_color=\u00a0\u00bb#ffffff\u00a0\u00bb global_colors_info=\u00a0\u00bb{}\u00a0\u00bb]<\/p>\n<p><span style=\"font-size: 14px;\">La Fabrique de Nuages est n\u00e9e de l&rsquo;envie, ou plut\u00f4t de la n\u00e9cessit\u00e9 que Nicolas et Yann-Ga\u00ebl ressentaient de s&rsquo;adresser aux enfants.<\/span><\/p>\n<p>Ils ont rassembl\u00e9 dans cette aventure tous leurs talents pour donner la parole \u00e0 leurs convictions.<\/p>\n<p>L\u2019histoire raconte symboliquement les diff\u00e9rentes mani\u00e8res que nous avons de r\u00e9agir au d\u00e9fi que nous pose les questions d\u2019environnement. Elle permet aux enfants d\u2019aborder un probl\u00e8me crucial de notre temps avec la conviction forte qu\u2019il y a toujours une solution et que nous la trouverons ensemble, sans jugement partisan !<\/p>\n<p><em><b>Un spectacle \u00e9crit par YGP et Nicolas Allemand<\/b><\/em><\/p>\n<p>[\/et_pb_text][\/et_pb_column][et_pb_column type=\u00a0\u00bb1_3&Prime; _builder_version=\u00a0\u00bb4.16&Prime; custom_padding=\u00a0\u00bb|||\u00a0\u00bb custom_css_main_element=\u00a0\u00bbdisplay: flex; align-items: center;\u00a0\u00bb global_colors_info=\u00a0\u00bb{}\u00a0\u00bb custom_padding__hover=\u00a0\u00bb|||\u00a0\u00bb][et_pb_text _builder_version=\u00a0\u00bb4.19.2&Prime; text_font=\u00a0\u00bb||||||||\u00a0\u00bb text_text_color=\u00a0\u00bb#ffffff\u00a0\u00bb global_colors_info=\u00a0\u00bb{}\u00a0\u00bb]<\/p>\n<p><b>MUSICIENS ET INTERPR\u00c8TES : <\/b><\/p>\n<p><b>YGP<\/b> (chant, violon, guitare, percussions corporelles, percussions, compositions, textes)<\/p>\n<p><b>Florian Gourgeot <\/b>(chant, claviers, percussions, percussions corporelles, fl\u00fbte \u00e0 coulisse, mime, magie)<\/p>\n<p><b>R\u00c9F\u00c9RENCES :<\/b><br \/><strong>Espace F. Mitterand <\/strong>&#8211; Montm\u00e9lian (73)<br \/><strong>Jazz \u00e0 Barraux <\/strong>&#8211; Fort Barraux (38)<br \/><strong>SIPA<\/strong> &#8211; P\u00f4le d&rsquo;Alby sur Ch\u00e9ran (74)<br \/><strong>L&rsquo;Arande<\/strong> &#8211; St-Julien-en-Genevois (74)<br \/><strong>Le Toboggan<\/strong> &#8211; D\u00e9cines (69)<br \/><strong>Le Radiant Bellevue<\/strong> &#8211; Lyon (69)<br \/><strong>Sc\u00e8ne Nationale d&rsquo;Orl\u00e9ans <\/strong>&#8211; Orl\u00e9ans (45)\u00a0<\/p>\n<p>[\/et_pb_text][\/et_pb_column][et_pb_column type=\u00a0\u00bb1_3&Prime; _builder_version=\u00a0\u00bb4.16&Prime; custom_padding=\u00a0\u00bb|||\u00a0\u00bb custom_css_main_element=\u00a0\u00bbdisplay: flex; align-items: center;\u00a0\u00bb global_colors_info=\u00a0\u00bb{}\u00a0\u00bb custom_padding__hover=\u00a0\u00bb|||\u00a0\u00bb][et_pb_text _builder_version=\u00a0\u00bb4.16&Prime; background_layout=\u00a0\u00bbdark\u00a0\u00bb global_colors_info=\u00a0\u00bb{}\u00a0\u00bb]<\/p>\n<p><b>INFOS PRATIQUES : <\/b><\/p>\n<p><b>\u00c9quipe artistique : <\/b>2 musiciens\/com\u00e9diens<br \/><b>Public cible : <\/b>6-11 ans et tout public<br \/><b>Environnement : <\/b>concert en salles ou en plein air<br \/><b>Dur\u00e9e du spectacle : <\/b>55 minutes<br \/><b>Ouverture plateau (minimum) : <\/b>6 m\u00e8tres d\u2019ouverture et 5 m\u00e8tres de profondeur<\/p>\n<p><b>Illustrations\u00a0: <\/b>Bernard Nicolas (avec l&rsquo;aimable autorisation de Naturalia Publications)<br \/><b>D\u00e9cors\u00a0: <\/b>Vincent Masquelier, Cr\u00e9a D\u00e9cor<br \/><b>Costumes\u00a0: <\/b>Macfarlane Cr\u00e9ation<\/p>\n<p><strong>Production<\/strong> : M\u00e9lanie Patalano et Corinne Tarpin<\/p>\n<p><u><b><a href=\"https:\/\/gallery.mailchimp.com\/6cab8f2fca80dab1b81cc577b\/files\/c7b3434d-c86f-4274-bd74-113d197ec050\/Fabrique_de_Nuages_Fich_Tech2_Janv2018.pdf\">&gt; Voir la fiche technique et le rider<\/a><\/b><\/u><\/p>\n<p>[\/et_pb_text][\/et_pb_column][\/et_pb_row][\/et_pb_section][et_pb_section fb_built=\u00a0\u00bb1&Prime; _builder_version=\u00a0\u00bb4.16&Prime; background_color=\u00a0\u00bb#bc5d4a\u00a0\u00bb custom_padding=\u00a0\u00bb54px|0px|0|0px\u00a0\u00bb global_colors_info=\u00a0\u00bb{}\u00a0\u00bb][et_pb_row column_structure=\u00a0\u00bb1_2,1_2&Prime; _builder_version=\u00a0\u00bb4.16&Prime; global_colors_info=\u00a0\u00bb{}\u00a0\u00bb][et_pb_column type=\u00a0\u00bb1_2&Prime; _builder_version=\u00a0\u00bb4.16&Prime; custom_padding=\u00a0\u00bb|||\u00a0\u00bb global_colors_info=\u00a0\u00bb{}\u00a0\u00bb custom_padding__hover=\u00a0\u00bb|||\u00a0\u00bb][et_pb_button button_url=\u00a0\u00bbhttps:\/\/www.poncetgroupe.com\/Creations-by-YGP\/wp-content\/uploads\/2018-05-24-La-Fabrique-de-Nuages-Institutionnel.pdf\u00a0\u00bb button_text=\u00a0\u00bbDOSSIER DE PRESSE\u00a0\u00bb button_alignment=\u00a0\u00bbcenter\u00a0\u00bb _builder_version=\u00a0\u00bb4.16&Prime; custom_button=\u00a0\u00bbon\u00a0\u00bb button_text_size=\u00a0\u00bb18&Prime; button_text_color=\u00a0\u00bb#bc5d4a\u00a0\u00bb button_bg_color=\u00a0\u00bb#ffffff\u00a0\u00bb button_border_width=\u00a0\u00bb0&Prime; button_border_radius=\u00a0\u00bb100&Prime; button_font=\u00a0\u00bb|300|||||||\u00a0\u00bb custom_margin=\u00a0\u00bb0px||50px|\u00a0\u00bb button_border_radius_hover=\u00a0\u00bb0&Prime; saved_tabs=\u00a0\u00bball\u00a0\u00bb global_colors_info=\u00a0\u00bb{}\u00a0\u00bb button_text_size__hover_enabled=\u00a0\u00bboff\u00a0\u00bb button_one_text_size__hover_enabled=\u00a0\u00bboff\u00a0\u00bb button_two_text_size__hover_enabled=\u00a0\u00bboff\u00a0\u00bb button_text_color__hover_enabled=\u00a0\u00bboff\u00a0\u00bb button_one_text_color__hover_enabled=\u00a0\u00bboff\u00a0\u00bb button_two_text_color__hover_enabled=\u00a0\u00bboff\u00a0\u00bb button_border_width__hover_enabled=\u00a0\u00bboff\u00a0\u00bb button_one_border_width__hover_enabled=\u00a0\u00bboff\u00a0\u00bb button_two_border_width__hover_enabled=\u00a0\u00bboff\u00a0\u00bb button_border_color__hover_enabled=\u00a0\u00bboff\u00a0\u00bb button_one_border_color__hover_enabled=\u00a0\u00bboff\u00a0\u00bb button_two_border_color__hover_enabled=\u00a0\u00bboff\u00a0\u00bb button_border_radius__hover_enabled=\u00a0\u00bbon\u00a0\u00bb button_border_radius__hover=\u00a0\u00bb0&Prime; button_one_border_radius__hover_enabled=\u00a0\u00bboff\u00a0\u00bb button_two_border_radius__hover_enabled=\u00a0\u00bboff\u00a0\u00bb button_letter_spacing__hover_enabled=\u00a0\u00bboff\u00a0\u00bb button_one_letter_spacing__hover_enabled=\u00a0\u00bboff\u00a0\u00bb button_two_letter_spacing__hover_enabled=\u00a0\u00bboff\u00a0\u00bb button_bg_color__hover_enabled=\u00a0\u00bboff\u00a0\u00bb button_one_bg_color__hover_enabled=\u00a0\u00bboff\u00a0\u00bb button_two_bg_color__hover_enabled=\u00a0\u00bboff\u00a0\u00bb][\/et_pb_button][\/et_pb_column][et_pb_column type=\u00a0\u00bb1_2&Prime; _builder_version=\u00a0\u00bb4.16&Prime; custom_padding=\u00a0\u00bb|||\u00a0\u00bb global_colors_info=\u00a0\u00bb{}\u00a0\u00bb custom_padding__hover=\u00a0\u00bb|||\u00a0\u00bb][et_pb_button button_url=\u00a0\u00bbhttps:\/\/www.poncetgroupe.com\/Creations-by-YGP\/galerie-photos-la-fabrique-de-nuages\/\u00a0\u00bb button_text=\u00a0\u00bbGALERIE PHOTOS\u00a0\u00bb button_alignment=\u00a0\u00bbcenter\u00a0\u00bb _builder_version=\u00a0\u00bb4.16&Prime; custom_button=\u00a0\u00bbon\u00a0\u00bb button_text_size=\u00a0\u00bb18&Prime; button_text_color=\u00a0\u00bb#bc5d4a\u00a0\u00bb button_bg_color=\u00a0\u00bb#ffffff\u00a0\u00bb button_border_width=\u00a0\u00bb0&Prime; button_border_radius=\u00a0\u00bb100&Prime; button_font=\u00a0\u00bb|300|||||||\u00a0\u00bb custom_margin=\u00a0\u00bb0px||50px|\u00a0\u00bb button_border_radius_hover=\u00a0\u00bb0&Prime; saved_tabs=\u00a0\u00bball\u00a0\u00bb global_colors_info=\u00a0\u00bb{}\u00a0\u00bb button_text_size__hover_enabled=\u00a0\u00bboff\u00a0\u00bb button_one_text_size__hover_enabled=\u00a0\u00bboff\u00a0\u00bb button_two_text_size__hover_enabled=\u00a0\u00bboff\u00a0\u00bb button_text_color__hover_enabled=\u00a0\u00bboff\u00a0\u00bb button_one_text_color__hover_enabled=\u00a0\u00bboff\u00a0\u00bb button_two_text_color__hover_enabled=\u00a0\u00bboff\u00a0\u00bb button_border_width__hover_enabled=\u00a0\u00bboff\u00a0\u00bb button_one_border_width__hover_enabled=\u00a0\u00bboff\u00a0\u00bb button_two_border_width__hover_enabled=\u00a0\u00bboff\u00a0\u00bb button_border_color__hover_enabled=\u00a0\u00bboff\u00a0\u00bb button_one_border_color__hover_enabled=\u00a0\u00bboff\u00a0\u00bb button_two_border_color__hover_enabled=\u00a0\u00bboff\u00a0\u00bb button_border_radius__hover_enabled=\u00a0\u00bbon\u00a0\u00bb button_border_radius__hover=\u00a0\u00bb0&Prime; button_one_border_radius__hover_enabled=\u00a0\u00bboff\u00a0\u00bb button_two_border_radius__hover_enabled=\u00a0\u00bboff\u00a0\u00bb button_letter_spacing__hover_enabled=\u00a0\u00bboff\u00a0\u00bb button_one_letter_spacing__hover_enabled=\u00a0\u00bboff\u00a0\u00bb button_two_letter_spacing__hover_enabled=\u00a0\u00bboff\u00a0\u00bb button_bg_color__hover_enabled=\u00a0\u00bboff\u00a0\u00bb button_one_bg_color__hover_enabled=\u00a0\u00bboff\u00a0\u00bb button_two_bg_color__hover_enabled=\u00a0\u00bboff\u00a0\u00bb][\/et_pb_button][\/et_pb_column][\/et_pb_row][\/et_pb_section][et_pb_section fb_built=\u00a0\u00bb1&Prime; _builder_version=\u00a0\u00bb4.16&Prime; global_colors_info=\u00a0\u00bb{}\u00a0\u00bb][et_pb_row _builder_version=\u00a0\u00bb4.16&Prime; max_width=\u00a0\u00bb700px\u00a0\u00bb use_custom_width=\u00a0\u00bbon\u00a0\u00bb custom_width_px=\u00a0\u00bb700px\u00a0\u00bb global_colors_info=\u00a0\u00bb{}\u00a0\u00bb][et_pb_column type=\u00a0\u00bb4_4&Prime; _builder_version=\u00a0\u00bb4.16&Prime; custom_padding=\u00a0\u00bb|||\u00a0\u00bb global_colors_info=\u00a0\u00bb{}\u00a0\u00bb custom_padding__hover=\u00a0\u00bb|||\u00a0\u00bb][et_pb_text _builder_version=\u00a0\u00bb4.16&Prime; header_font=\u00a0\u00bb||||||||\u00a0\u00bb header_2_font=\u00a0\u00bb||||||||\u00a0\u00bb header_2_text_align=\u00a0\u00bbcenter\u00a0\u00bb header_3_font=\u00a0\u00bb|300|||||||\u00a0\u00bb header_3_text_align=\u00a0\u00bbcenter\u00a0\u00bb header_3_text_color=\u00a0\u00bb#c95743&Prime; header_3_font_size=\u00a0\u00bb35px\u00a0\u00bb text_orientation=\u00a0\u00bbjustified\u00a0\u00bb header_2_font_size_tablet=\u00a0\u00bb\u00a0\u00bb header_2_font_size_phone=\u00a0\u00bb30px\u00a0\u00bb header_2_font_size_last_edited=\u00a0\u00bbon|phone\u00a0\u00bb global_colors_info=\u00a0\u00bb{}\u00a0\u00bb]<\/p>\n<h3>_<\/h3>\n<h2>Ils soutiennent <br \/>la Fabrique de Nuages<\/h2>\n<p>[\/et_pb_text][et_pb_gallery gallery_ids=\u00a0\u00bb1388,315,314,316,312,311&Prime; posts_number=\u00a0\u00bb18&Prime; show_title_and_caption=\u00a0\u00bboff\u00a0\u00bb show_pagination=\u00a0\u00bboff\u00a0\u00bb _builder_version=\u00a0\u00bb4.16&Prime; custom_margin_tablet=\u00a0\u00bb\u00a0\u00bb custom_margin_phone=\u00a0\u00bb|60px||60px\u00a0\u00bb custom_margin_last_edited=\u00a0\u00bbon|phone\u00a0\u00bb pagination_font_size_tablet=\u00a0\u00bb51&Prime; pagination_line_height_tablet=\u00a0\u00bb2&Prime; global_colors_info=\u00a0\u00bb{}\u00a0\u00bb][\/et_pb_gallery][\/et_pb_column][\/et_pb_row][\/et_pb_section][et_pb_section fb_built=\u00a0\u00bb1&Prime; _builder_version=\u00a0\u00bb4.16&Prime; background_color=\u00a0\u00bb#1f3847&Prime; custom_margin=\u00a0\u00bb||0px|\u00a0\u00bb custom_padding=\u00a0\u00bb10px|0px|39px|0px\u00a0\u00bb global_colors_info=\u00a0\u00bb{}\u00a0\u00bb][et_pb_row column_structure=\u00a0\u00bb1_3,1_3,1_3&Prime; custom_padding_last_edited=\u00a0\u00bbon|desktop\u00a0\u00bb _builder_version=\u00a0\u00bb4.16&Prime; custom_margin=\u00a0\u00bb35px|||\u00a0\u00bb custom_margin_tablet=\u00a0\u00bb10px|||\u00a0\u00bb custom_margin_phone=\u00a0\u00bb\u00a0\u00bb custom_margin_last_edited=\u00a0\u00bbon|phone\u00a0\u00bb custom_padding=\u00a0\u00bb0px||0|\u00a0\u00bb custom_padding_tablet=\u00a0\u00bb\u00a0\u00bb custom_padding_phone=\u00a0\u00bb\u00a0\u00bb global_colors_info=\u00a0\u00bb{}\u00a0\u00bb][et_pb_column type=\u00a0\u00bb1_3&Prime; _builder_version=\u00a0\u00bb4.16&Prime; custom_padding=\u00a0\u00bb|||\u00a0\u00bb global_colors_info=\u00a0\u00bb{}\u00a0\u00bb custom_padding__hover=\u00a0\u00bb|||\u00a0\u00bb][et_pb_text _builder_version=\u00a0\u00bb4.16&Prime; custom_margin=\u00a0\u00bb0px|||\u00a0\u00bb custom_padding=\u00a0\u00bb0px|||\u00a0\u00bb global_colors_info=\u00a0\u00bb{}\u00a0\u00bb] <img decoding=\"async\" loading=\"lazy\" class=\" wp-image-594 aligncenter\" src=\"https:\/\/www.poncetgroupe.com\/Creations-by-YGP\/wp-content\/uploads\/Logo_CreationsByYGP_web-1-300x300.png\" alt=\"\" width=\"153\" height=\"153\" srcset=\"https:\/\/www.poncetgroupe.com\/Creations-by-YGP\/wp-content\/uploads\/Logo_CreationsByYGP_web-1-300x300.png 300w, https:\/\/www.poncetgroupe.com\/Creations-by-YGP\/wp-content\/uploads\/Logo_CreationsByYGP_web-1-150x150.png 150w, https:\/\/www.poncetgroupe.com\/Creations-by-YGP\/wp-content\/uploads\/Logo_CreationsByYGP_web-1.png 640w\" sizes=\"(max-width: 153px) 100vw, 153px\" \/> [\/et_pb_text][\/et_pb_column][et_pb_column type=\u00a0\u00bb1_3&Prime; _builder_version=\u00a0\u00bb4.16&Prime; custom_padding=\u00a0\u00bb|||\u00a0\u00bb global_colors_info=\u00a0\u00bb{}\u00a0\u00bb custom_padding__hover=\u00a0\u00bb|||\u00a0\u00bb][et_pb_text _builder_version=\u00a0\u00bb4.16&Prime; background_layout=\u00a0\u00bbdark\u00a0\u00bb global_colors_info=\u00a0\u00bb{}\u00a0\u00bb] SUIVEZ L&rsquo;ACTU DES CR\u00c9ATIONS BY YGP [\/et_pb_text][et_pb_social_media_follow _builder_version=\u00a0\u00bb4.19.2&Prime; text_orientation=\u00a0\u00bbleft\u00a0\u00bb locked=\u00a0\u00bboff\u00a0\u00bb global_colors_info=\u00a0\u00bb{}\u00a0\u00bb][et_pb_social_media_follow_network social_network=\u00a0\u00bbfacebook\u00a0\u00bb url=\u00a0\u00bbhttps:\/\/www.facebook.com\/transcontinental.yanngaelponcet\/\u00a0\u00bb _builder_version=\u00a0\u00bb4.16&Prime; background_color=\u00a0\u00bb#3b5998&Prime; custom_margin=\u00a0\u00bb|||\u00a0\u00bb custom_padding=\u00a0\u00bb5px|5px|5px|5px\u00a0\u00bb global_colors_info=\u00a0\u00bb{}\u00a0\u00bb follow_button=\u00a0\u00bboff\u00a0\u00bb url_new_window=\u00a0\u00bbon\u00a0\u00bb]facebook[\/et_pb_social_media_follow_network][et_pb_social_media_follow_network social_network=\u00a0\u00bbyoutube\u00a0\u00bb url=\u00a0\u00bbhttps:\/\/www.youtube.com\/channel\/UC8MmJjL7VP1Xeh_9PYFSOjw\u00a0\u00bb _builder_version=\u00a0\u00bb4.16&Prime; background_color=\u00a0\u00bb#a82400&Prime; custom_padding=\u00a0\u00bb5px|5px|5px|5px\u00a0\u00bb global_colors_info=\u00a0\u00bb{}\u00a0\u00bb follow_button=\u00a0\u00bboff\u00a0\u00bb url_new_window=\u00a0\u00bbon\u00a0\u00bb] Youtube [\/et_pb_social_media_follow_network][et_pb_social_media_follow_network social_network=\u00a0\u00bbinstagram\u00a0\u00bb url=\u00a0\u00bbhttps:\/\/www.instagram.com\/yanngaelponcet\/\u00a0\u00bb use_icon_font_size=\u00a0\u00bbon\u00a0\u00bb icon_font_size=\u00a0\u00bb21px\u00a0\u00bb _builder_version=\u00a0\u00bb4.19.2&Prime; background_color=\u00a0\u00bb#ea2c59&Prime; global_colors_info=\u00a0\u00bb{}\u00a0\u00bb follow_button=\u00a0\u00bboff\u00a0\u00bb url_new_window=\u00a0\u00bbon\u00a0\u00bb]instagram[\/et_pb_social_media_follow_network][et_pb_social_media_follow_network social_network=\u00a0\u00bblinkedin\u00a0\u00bb url=\u00a0\u00bbhttps:\/\/www.linkedin.com\/in\/yann-ga\u00ebl-poncet-38b269199\/\u00a0\u00bb use_icon_font_size=\u00a0\u00bbon\u00a0\u00bb icon_font_size=\u00a0\u00bb21px\u00a0\u00bb _builder_version=\u00a0\u00bb4.19.2&Prime; _module_preset=\u00a0\u00bbdefault\u00a0\u00bb background_color=\u00a0\u00bb#0C71C3&Prime; background_enable_color=\u00a0\u00bbon\u00a0\u00bb global_colors_info=\u00a0\u00bb{}\u00a0\u00bb follow_button=\u00a0\u00bboff\u00a0\u00bb url_new_window=\u00a0\u00bbon\u00a0\u00bb]linkedin[\/et_pb_social_media_follow_network][et_pb_social_media_follow_network social_network=\u00a0\u00bbsoundcloud\u00a0\u00bb url=\u00a0\u00bbhttps:\/\/soundcloud.com\/transcontinental-60292870&Prime; use_icon_font_size=\u00a0\u00bbon\u00a0\u00bb icon_font_size=\u00a0\u00bb21px\u00a0\u00bb _builder_version=\u00a0\u00bb4.19.2&Prime; _module_preset=\u00a0\u00bbdefault\u00a0\u00bb background_color=\u00a0\u00bb#ff8800&Prime; global_colors_info=\u00a0\u00bb{}\u00a0\u00bb follow_button=\u00a0\u00bboff\u00a0\u00bb url_new_window=\u00a0\u00bbon\u00a0\u00bb]soundcloud[\/et_pb_social_media_follow_network][\/et_pb_social_media_follow][et_pb_signup mailchimp_list=\u00a0\u00bb6351e69e09&Prime; first_name_field=\u00a0\u00bboff\u00a0\u00bb last_name_field=\u00a0\u00bboff\u00a0\u00bb success_message=\u00a0\u00bbMerci pour votre inscription !\u00a0\u00bb button_text=\u00a0\u00bbS&rsquo;inscrire\u00a0\u00bb description=\u00a0\u00bb<\/p>\n<p>S&rsquo;INSCRIRE \u00c0 LA NEWSLETTER<\/p>\n<p>\u00a0\u00bb _builder_version=\u00a0\u00bb4.16&Prime; header_font=\u00a0\u00bb||||||||\u00a0\u00bb header_font_size=\u00a0\u00bb15px\u00a0\u00bb background_color=\u00a0\u00bb#1f3847&Prime; custom_button=\u00a0\u00bbon\u00a0\u00bb button_bg_color=\u00a0\u00bb#bc5d4a\u00a0\u00bb button_border_width=\u00a0\u00bb0px\u00a0\u00bb button_border_radius=\u00a0\u00bb100px\u00a0\u00bb button_font=\u00a0\u00bb|300||on|||||\u00a0\u00bb custom_margin=\u00a0\u00bb0px||0px|0&Prime; custom_padding=\u00a0\u00bb0px||0px|0px\u00a0\u00bb global_colors_info=\u00a0\u00bb{}\u00a0\u00bb button_text_size__hover_enabled=\u00a0\u00bboff\u00a0\u00bb button_one_text_size__hover_enabled=\u00a0\u00bboff\u00a0\u00bb button_two_text_size__hover_enabled=\u00a0\u00bboff\u00a0\u00bb button_text_color__hover_enabled=\u00a0\u00bboff\u00a0\u00bb button_one_text_color__hover_enabled=\u00a0\u00bboff\u00a0\u00bb button_two_text_color__hover_enabled=\u00a0\u00bboff\u00a0\u00bb button_border_width__hover_enabled=\u00a0\u00bboff\u00a0\u00bb button_one_border_width__hover_enabled=\u00a0\u00bboff\u00a0\u00bb button_two_border_width__hover_enabled=\u00a0\u00bboff\u00a0\u00bb button_border_color__hover_enabled=\u00a0\u00bboff\u00a0\u00bb button_one_border_color__hover_enabled=\u00a0\u00bboff\u00a0\u00bb button_two_border_color__hover_enabled=\u00a0\u00bboff\u00a0\u00bb button_border_radius__hover_enabled=\u00a0\u00bboff\u00a0\u00bb button_one_border_radius__hover_enabled=\u00a0\u00bboff\u00a0\u00bb button_two_border_radius__hover_enabled=\u00a0\u00bboff\u00a0\u00bb button_letter_spacing__hover_enabled=\u00a0\u00bboff\u00a0\u00bb button_one_letter_spacing__hover_enabled=\u00a0\u00bboff\u00a0\u00bb button_two_letter_spacing__hover_enabled=\u00a0\u00bboff\u00a0\u00bb button_bg_color__hover_enabled=\u00a0\u00bboff\u00a0\u00bb button_one_bg_color__hover_enabled=\u00a0\u00bboff\u00a0\u00bb button_two_bg_color__hover_enabled=\u00a0\u00bboff\u00a0\u00bb]<\/p>\n<p>S&rsquo;INSCRIRE \u00c0 LA NEWSLETTER<\/p>\n<p>[\/et_pb_signup][\/et_pb_column][et_pb_column type=\u00a0\u00bb1_3&Prime; _builder_version=\u00a0\u00bb4.16&Prime; custom_padding=\u00a0\u00bb|||\u00a0\u00bb global_colors_info=\u00a0\u00bb{}\u00a0\u00bb custom_padding__hover=\u00a0\u00bb|||\u00a0\u00bb][et_pb_text _builder_version=\u00a0\u00bb4.16&Prime; background_layout=\u00a0\u00bbdark\u00a0\u00bb global_colors_info=\u00a0\u00bb{}\u00a0\u00bb]<\/p>\n<p>SOUTENEZ LES CR\u00c9ATIONS BY YGP<\/p>\n<p><a href=\"https:\/\/www.poncetgroupe.com\/Creations-by-YGP\/contact\/\">Laisser un t\u00e9moignage<\/a><\/p>\n<p>[\/et_pb_text][et_pb_text _builder_version=\u00a0\u00bb4.16&Prime; background_layout=\u00a0\u00bbdark\u00a0\u00bb global_colors_info=\u00a0\u00bb{}\u00a0\u00bb]<\/p>\n<p>INFORMATIONS<\/p>\n<p><a href=\"https:\/\/www.poncetgroupe.com\/Creations-by-YGP\/mentions-legales\/\">Mentions l\u00e9gales<\/a> <\/p>\n<p>[\/et_pb_text][\/et_pb_column][\/et_pb_row][\/et_pb_section]<\/p>\n","protected":false},"excerpt":{"rendered":"<p>La Fabrique de Nuages Un spectacle pour enfants, ou plut\u00f4t pour les adultes qu&rsquo;ils deviendront.Sensibilisation \u2013 Enthousiasme \u2013 \u00c9cologie \u00c9criture et composition : Yann-Ga\u00ebl Poncet et Nicolas Allemand.Musiciens\u00a0: Yann-Ga\u00ebl Poncet (voix, violon, guitare\u2026) et Florian Gourgeot (voix, claviers, percussions\u2026).\u2018\u2018\u00a0Le meilleur spectacle pour enfants que j\u2019ai vu en trente ans d\u2019enseignement ! \u2019\u2019 Jocelyne Professeur des [&hellip;]<\/p>\n","protected":false},"author":1,"featured_media":0,"parent":0,"menu_order":0,"comment_status":"closed","ping_status":"closed","template":"","meta":{"_et_pb_use_builder":"on","_et_pb_old_content":"","_et_gb_content_width":""},"_links":{"self":[{"href":"https:\/\/www.poncetgroupe.com\/Creations-by-YGP\/wp-json\/wp\/v2\/pages\/473"}],"collection":[{"href":"https:\/\/www.poncetgroupe.com\/Creations-by-YGP\/wp-json\/wp\/v2\/pages"}],"about":[{"href":"https:\/\/www.poncetgroupe.com\/Creations-by-YGP\/wp-json\/wp\/v2\/types\/page"}],"author":[{"embeddable":true,"href":"https:\/\/www.poncetgroupe.com\/Creations-by-YGP\/wp-json\/wp\/v2\/users\/1"}],"replies":[{"embeddable":true,"href":"https:\/\/www.poncetgroupe.com\/Creations-by-YGP\/wp-json\/wp\/v2\/comments?post=473"}],"version-history":[{"count":9,"href":"https:\/\/www.poncetgroupe.com\/Creations-by-YGP\/wp-json\/wp\/v2\/pages\/473\/revisions"}],"predecessor-version":[{"id":1878,"href":"https:\/\/www.poncetgroupe.com\/Creations-by-YGP\/wp-json\/wp\/v2\/pages\/473\/revisions\/1878"}],"wp:attachment":[{"href":"https:\/\/www.poncetgroupe.com\/Creations-by-YGP\/wp-json\/wp\/v2\/media?parent=473"}],"curies":[{"name":"wp","href":"https:\/\/api.w.org\/{rel}","templated":true}]}}